{"id":17,"date":"2012-02-26T22:30:12","date_gmt":"2012-02-26T22:30:12","guid":{"rendered":"http:\/\/clownettebabette.de\/wordpress\/?page_id=17"},"modified":"2026-01-05T23:53:57","modified_gmt":"2026-01-05T22:53:57","slug":"referenzen","status":"publish","type":"page","link":"https:\/\/clownettebabette.de\/wordpress\/index.php\/referenzen\/","title":{"rendered":"Referenzen"},"content":{"rendered":"\n<h3 class=\"wp-block-heading\">Clownin<\/h3>\n\n\n\n<div class=\"wp-block-group is-nowrap is-layout-flex wp-container-core-group-is-layout-6c531013 wp-block-group-is-layout-flex\">\n<figure class=\"wp-block-gallery alignleft has-nested-images columns-default is-cropped wp-block-gallery-1 is-layout-flex wp-block-gallery-is-layout-flex\">\n<figure class=\"wp-block-image size-large\"><a href=\"https:\/\/clownettebabette.de\/wordpress\/wp-content\/uploads\/2012\/02\/Lohmuehle-2022-min2.jpg\"><img loading=\"lazy\" decoding=\"async\" width=\"1024\" height=\"768\" data-id=\"831\" src=\"https:\/\/clownettebabette.de\/wordpress\/wp-content\/uploads\/2012\/02\/Lohmuehle-2022-min2-1024x768.jpg\" alt=\"\" class=\"wp-image-831\" title=\"Lohm\u00fchle 2022-min\" srcset=\"https:\/\/clownettebabette.de\/wordpress\/wp-content\/uploads\/2012\/02\/Lohmuehle-2022-min2-1024x768.jpg 1024w, https:\/\/clownettebabette.de\/wordpress\/wp-content\/uploads\/2012\/02\/Lohmuehle-2022-min2-300x225.jpg 300w, https:\/\/clownettebabette.de\/wordpress\/wp-content\/uploads\/2012\/02\/Lohmuehle-2022-min2-768x576.jpg 768w, https:\/\/clownettebabette.de\/wordpress\/wp-content\/uploads\/2012\/02\/Lohmuehle-2022-min2-1536x1152.jpg 1536w, https:\/\/clownettebabette.de\/wordpress\/wp-content\/uploads\/2012\/02\/Lohmuehle-2022-min2-2048x1536.jpg 2048w\" sizes=\"auto, (max-width: 1024px) 100vw, 1024px\" \/><\/a><\/figure>\n<\/figure>\n\n\n\n<ul class=\"wp-block-list\">\n<li>Ausbildung u.a. bei Ze Regino (Brasilien), Jonathan Kay (GB\/Nomadic Academy of Fools), Mina Tinaburri (Atelier f\u00fcr physisches Theater Berlin\/Trimester)<\/li>\n\n\n\n<li>Zusammenarbeit u.a. mit dem Clowntheater Wabbelpudding, Loly y Babelclown, Playground Frankfurt, Dada Veczerin, Eddi Egal und Pip Hill<\/li>\n<\/ul>\n<\/div>\n\n\n\n<h3 class=\"wp-block-heading\">Jonglage<\/h3>\n\n\n\n<ul class=\"wp-block-list\">\n<li>regelm\u00e4\u00dfige Trainings im Verein zur \u00dcberwindung der Schwerkraft<\/li>\n\n\n\n<li>Teilnahme an verschiedenen Juggling Convetions<\/li>\n\n\n\n<li>zahlreiche Auftritte mit verschiedenen K\u00fcnstlerinnen, sowie Solo<\/li>\n<\/ul>\n\n\n\n<h3 class=\"wp-block-heading\">Yoga<\/h3>\n\n\n\n<div class=\"wp-block-group is-nowrap is-layout-flex wp-container-core-group-is-layout-6c531013 wp-block-group-is-layout-flex\">\n<figure data-wp-context=\"{&quot;imageId&quot;:&quot;69efb2d580de4&quot;}\" data-wp-interactive=\"core\/image\" data-wp-key=\"69efb2d580de4\" class=\"wp-block-image size-large wp-lightbox-container\"><img loading=\"lazy\" decoding=\"async\" width=\"1024\" height=\"683\" data-wp-class--hide=\"state.isContentHidden\" data-wp-class--show=\"state.isContentVisible\" data-wp-init=\"callbacks.setButtonStyles\" data-wp-on--click=\"actions.showLightbox\" data-wp-on--load=\"callbacks.setButtonStyles\" data-wp-on-window--resize=\"callbacks.setButtonStyles\" src=\"https:\/\/clownettebabette.de\/wordpress\/wp-content\/uploads\/2012\/02\/A12-min1-1024x683.jpg\" alt=\"\" class=\"wp-image-568\" srcset=\"https:\/\/clownettebabette.de\/wordpress\/wp-content\/uploads\/2012\/02\/A12-min1-1024x683.jpg 1024w, https:\/\/clownettebabette.de\/wordpress\/wp-content\/uploads\/2012\/02\/A12-min1-300x200.jpg 300w, https:\/\/clownettebabette.de\/wordpress\/wp-content\/uploads\/2012\/02\/A12-min1-768x512.jpg 768w, https:\/\/clownettebabette.de\/wordpress\/wp-content\/uploads\/2012\/02\/A12-min1-1536x1024.jpg 1536w, https:\/\/clownettebabette.de\/wordpress\/wp-content\/uploads\/2012\/02\/A12-min1-2048x1365.jpg 2048w\" sizes=\"auto, (max-width: 1024px) 100vw, 1024px\" \/><button\n\t\t\tclass=\"lightbox-trigger\"\n\t\t\ttype=\"button\"\n\t\t\taria-haspopup=\"dialog\"\n\t\t\taria-label=\"Vergr\u00f6\u00dfern\"\n\t\t\tdata-wp-init=\"callbacks.initTriggerButton\"\n\t\t\tdata-wp-on--click=\"actions.showLightbox\"\n\t\t\tdata-wp-style--right=\"state.imageButtonRight\"\n\t\t\tdata-wp-style--top=\"state.imageButtonTop\"\n\t\t>\n\t\t\t<svg xmlns=\"http:\/\/www.w3.org\/2000\/svg\" width=\"12\" height=\"12\" fill=\"none\" viewBox=\"0 0 12 12\">\n\t\t\t\t<path fill=\"#fff\" d=\"M2 0a2 2 0 0 0-2 2v2h1.5V2a.5.5 0 0 1 .5-.5h2V0H2Zm2 10.5H2a.5.5 0 0 1-.5-.5V8H0v2a2 2 0 0 0 2 2h2v-1.5ZM8 12v-1.5h2a.5.5 0 0 0 .5-.5V8H12v2a2 2 0 0 1-2 2H8Zm2-12a2 2 0 0 1 2 2v2h-1.5V2a.5.5 0 0 0-.5-.5H8V0h2Z\" \/>\n\t\t\t<\/svg>\n\t\t<\/button><\/figure>\n\n\n\n<ul class=\"wp-block-list\">\n<li>regelm\u00e4ssige Praxis seit 1999<\/li>\n\n\n\n<li>Ausbildung zur Yogaleherin bei Yoga Vidya 2018<\/li>\n\n\n\n<li>Weiterbildungen in Indien und England<\/li>\n\n\n\n<li>Dauerhaftes Training des Geistes mit grossem Dank an meine Meisterinnen und Meister Mahara Sonntag, Dr. Wilfried Reuter und Dolpo Tulku Rinpoche. M\u00f6gen alle Wesen frei von Leid sein.<\/li>\n<\/ul>\n<\/div>\n\n\n\n<h3 class=\"wp-block-heading\">Zirkus-P\u00e4dagogik seit 2008&nbsp; und&nbsp;&nbsp;soziale Arbeit seit 2000<\/h3>\n\n\n\n<ul class=\"wp-block-list\">\n<li>Mitarbeit bei verschiedenen Projekten (siehe <a title=\"Mitmachzirkus \/ soziale Arbeit\" href=\"https:\/\/clownettebabette.de\/wordpress\/mitmachzirkus-soziale-arbeit\/\">Mitmach-Zirkus und Soziale Arbeit<\/a>)<\/li>\n\n\n\n<li>Diplom mit Auszeichnung an der Freien Universit\u00e4t Berlin\/FB Erziehungswissenschaften &#8211; Bereich Sozialp\u00e4dagogik, Sozialarbeit<\/li>\n<\/ul>\n\n\n\n<h3 class=\"wp-block-heading\">Auftrittsorte<\/h3>\n\n\n\n<p>Buof-Festival Indien, Asian Juggling Convention,&nbsp;Stra\u00dfentheaterfestival \u201cBerlin lacht\u201c 2006 und 2008, Circo Xiclo (Argentinien), Bike Kitchen Wien, Marestreet London, Berlin Balkan Circus 2010, Oberbaumbr\u00fcckenfest Berlin, Sommer- und Weihnachtsfeste der Charlottenburger Wohnbaugesellschaft, j\u00e4hrlich der Weihnachtsmarkt auf dem Berliner Winterfeldplatz, Coco Mango Nicaragua, Capurgana Beach Kolumbien, M\u00fcnzfest Gadebusch, Stadtfest B\u00fctzow und an vielen anderen Orten in Nah und Fern (na, das ist mal eine Reihenfolge&#8230;) ;o).&nbsp;<\/p>\n\n\n\n<h1 class=\"wp-block-heading\">Tourdaten<\/h1>\n\n\n\n<h3 class=\"wp-block-heading\">2024<\/h3>\n\n\n\n<ul class=\"wp-block-list\">\n<li>9.-12.1. Markt- und Eventhalle, Wismar (M)<\/li>\n\n\n\n<li>29.1.-8.2. Reithalle Wotersen, Roseburg (M)<\/li>\n\n\n\n<li>12.2. Karnevalsverein Gross Stein (S)<\/li>\n\n\n\n<li>22.2.-7.3. Rotunde Hansemesse, Rostock (M)<\/li>\n\n\n\n<li>2.3. Komplex, Schwerin (DJ)<\/li>\n\n\n\n<li>8.-12.4. Kulturkirche, Neuruppin (M)<\/li>\n\n\n\n<li>13.4. Caf\u00e9 Schmoo, J\u00e4nickendorf (DJ)<\/li>\n\n\n\n<li>22.-26.4. Sporthalle, Friesack (M)<\/li>\n\n\n\n<li>1.5. Lebensbogen, Zierenberg (S)<\/li>\n\n\n\n<li>27.5.-30.5. Loewesaal, Berlin (M)<\/li>\n\n\n\n<li>31.6. Wohngemeinschaft f\u00fcr Jugendliche, Berlin (WS)<\/li>\n\n\n\n<li>1.6. Dorffest, Schlieben (S + WS + B)<\/li>\n\n\n\n<li>3.6.-4.6. Kita L\u00f6wenzahn, Berlin (WS)<\/li>\n\n\n\n<li>15.6. Wurzeln und Wirken, Wustermark (B)<\/li>\n\n\n\n<li>21.6. Komplex, Schwerin (DJ)<\/li>\n\n\n\n<li>28.6. Kita Arche Noah, Gadebusch (Ballons)<\/li>\n\n\n\n<li>29.6. Fest im Park am Schloss, B\u00fctzow (S + B)<\/li>\n\n\n\n<li>6.7. M\u00fcnzfest, Gadebusch (S + WS)<\/li>\n\n\n\n<li>20.7. 40. Geburtstag, Trier (DJ + Ballons)<\/li>\n\n\n\n<li>22.-26.7. Regionale Schule mit Grundschule, Schlagsdorf (WS)<\/li>\n\n\n\n<li>Mo, 29.7. Hochzeit Familie Sohst, Soest (DJ)<\/li>\n\n\n\n<li>10.-11.8. Sommerschlacht, Gadebusch (S)<\/li>\n\n\n\n<li>23.8. Kindergeburtstag, Gresse (WS)<\/li>\n\n\n\n<li>25.-30.8. Kulturzentrum Parks\u00e4le, Dippoldiswalde (M)<\/li>\n\n\n\n<li>8.9. Lotos Vihara Sommerfest, Berlin (S + B)<\/li>\n\n\n\n<li>9.-13.9. Berlin, Lichtenberg (W)<\/li>\n\n\n\n<li>und weitere Termine im Anschluss: Neum\u00fcnster, Pinneberg, Stralsund, Berlin<\/li>\n<\/ul>\n\n\n\n<p><strong>2023<\/strong><\/p>\n\n\n\n<ul class=\"wp-block-list\">\n<li>3.1. Geburtstagsfest privat, Kl\u00fctz (S)<\/li>\n\n\n\n<li>7.1. Geburtstagsfest privat, L\u00fcbeck (S)<\/li>\n\n\n\n<li>28.\/29.1. Yogawochenende, Wustermark<\/li>\n\n\n\n<li>2.2. Astrid Lindgreen Schule, Schwerin (S, 2 x)<\/li>\n\n\n\n<li>14.-16.2. vorm. &#8211; Schule Schlagsdorf (WS)<\/li>\n\n\n\n<li>14.-16.2. nachm. &#8211; Haus der Begegnung, Schwerin (WS)<\/li>\n\n\n\n<li>20.2. Kita Spielhaus, Wustermark (S)<\/li>\n\n\n\n<li>21.2. Kita Bananas, Berlin (S)<\/li>\n\n\n\n<li>22.2. Grundschule Dassow, Dassow am Meer (S)<\/li>\n\n\n\n<li>25.\/26.2. Yogawochenende; Wustermark<\/li>\n\n\n\n<li>11.\/12.3. Yogawochenende, Wustermark<\/li>\n\n\n\n<li>25.\/26.3. Teilnahme Clowns-Fortbildung, Clowns-RemisePotsdam<\/li>\n\n\n\n<li>1.\/2.4.Yogawochenende<\/li>\n\n\n\n<li>6.-10.4.&nbsp;Teilnahme: Yoga-Fortbildung, Yoga Vidya Nordsee<\/li>\n\n\n\n<li>29.4. DJ-Gig (privat)<\/li>\n\n\n\n<li>1.5.Tag der offenen T\u00fcr, Lebensbogen (S)<\/li>\n\n\n\n<li>18.-21.5.KulturelleLandpartie (B)<\/li>\n\n\n\n<li>27.5. DJ, Wittenberge&nbsp; &nbsp; &nbsp; &nbsp; https:\/\/elblandwerker.de\/veranstaltungen\/sound-safari-2\/<\/li>\n\n\n\n<li>3.6. Fr\u00fchlingsmark, Gadebusch (B\/Animation)<\/li>\n\n\n\n<li>10.6. Kita M\u00e4usest\u00fcbchen, Marienwerder (S+B)<\/li>\n\n\n\n<li>10.6. Pflegewohnstift Falkensee (B, Animation)<\/li>\n\n\n\n<li>11.6. Sommerfest Kita Potsdam Kids (WS)<\/li>\n\n\n\n<li>14.-17.6. Kulturwoche Otto-Spielplatz, (S+WS), Berlin<\/li>\n\n\n\n<li>23.6. Sommerfest Kita Bauhofstrasse, Brandenburg a.d.H., (B)<\/li>\n\n\n\n<li>1.7. Sommerfest Schmoogardens, Nuthe-Urstromtal (S+DJ)<\/li>\n\n\n\n<li>5.7. Sommerfest Kita Spielkiste, Niederg\u00f6rsdorf (S)<\/li>\n\n\n\n<li>7.7. Geburtstag privat, Berlin (S+B)<\/li>\n\n\n\n<li>8.7. Sommerferst Lohm\u00fchle, Berlin (B)<\/li>\n\n\n\n<li>15.7. Sommerfest Neuhof, Insel Poel (DJ)<\/li>\n\n\n\n<li>29.7. Rock und Kultour, Jeese (DJ)<\/li>\n\n\n\n<li>11.-13.8. Sommerschlacht, Gadebusch<\/li>\n\n\n\n<li>12.8. Markttag, Rehna (S)<\/li>\n\n\n\n<li>25.9. Autohaus Krause, L\u00fcbsch\u00fctz (Animation)<\/li>\n\n\n\n<li>26.8. Schuleinf\u00fchrungen, Grossbeeren u. Gr\u00fcnheide\/Mark (S \/ S + B)<\/li>\n\n\n\n<li>2.9. DM-Markt-Geburtstag, Teterow (Animation + B)<\/li>\n\n\n\n<li>9.9. Markttag Rehna (S) und Erntefest Drense, Gr\u00fcnow (S) und Privatparty Berlin (DJ)<\/li>\n\n\n\n<li>16.9. Herbstmarkt Gadebusch (B + Animation)<\/li>\n\n\n\n<li>24.9. Kulturzug Wroclaw\/Berlin (DJ)<\/li>\n\n\n\n<li>14.\/15.10. Yoga-Kompaktkurs, Alte B\u00e4ckerei Wustermark<\/li>\n\n\n\n<li>28.\/29.10. Yoga Kompaktkurs, Bodhicharya Berlin<\/li>\n\n\n\n<li>2.11. Jump, Niederg\u00f6rsdorf (WS)<\/li>\n\n\n\n<li>27.11. &#8211; 23.12.&nbsp; Weihnachtsmarkt Bebelplatz, Berlin<\/li>\n\n\n\n<li>2.12. Sch\u00f6nberger Judoverein von 1963 e.V., Sch\u00f6nberg (DJ)<\/li>\n\n\n\n<li>9.12. Geburtstag, Kl\u00fctz (DJ)<\/li>\n\n\n\n<li>17.12. 1. FC Union-Weihnachtsfest, Berlin (Animation)<\/li>\n\n\n\n<li>31.12. Fisch Borke, Berlin (DJ)<\/li>\n<\/ul>\n\n\n\n<p><strong>2022<\/strong><\/p>\n\n\n\n<ul class=\"wp-block-list\">\n<li>13.- 18.6. Kulturwoche Otto-Spielplatz, Berlin (WS)<\/li>\n\n\n\n<li>&nbsp;18.6. Variet\u00e9 Otto-Spielplatz, Berlin (S)<\/li>\n\n\n\n<li>&nbsp;25.\/26.6. Yoga-Wochenende, Stresdorf (Y)<\/li>\n\n\n\n<li>&nbsp;29.6. Clownerie, Kita am Burgsee, Gadebusch (S + Ballons)<\/li>\n\n\n\n<li>&nbsp;2.7. Moabiter Ratschlag Jubil\u00e4um, Berlin (S)<\/li>\n\n\n\n<li>&nbsp;9.7. Markt- und Jazzfest Popkultur e.V., (WS + Ballons)<\/li>\n\n\n\n<li>&nbsp;11.-15.7. Manege frei, Schlagsdorf (WS)<\/li>\n\n\n\n<li>23.7. Sommerfest Lohm\u00fchle, Berlin (S + Ballons)<\/li>\n\n\n\n<li>1.-5.8. Pop to Go\/Alles B\u00fchne, Grund- und Regionalschule mit Jugendclub Tribsees (WS)<\/li>\n\n\n\n<li>&nbsp;3.8. Miniaturstadt, B\u00fctzwo (S)<\/li>\n\n\n\n<li>&nbsp;6.8. Heimatverein Bad Kleinen\/Markt (WS + Ballons)<\/li>\n\n\n\n<li>29.-31.8 Pop to Go Teil II\/Alles B\u00fchne, Grund- und Regionalschule mit Jugendclub Tribsees<\/li>\n\n\n\n<li>1.-5.9. Circo Charny, Danzig<\/li>\n\n\n\n<li>17.9. Herbstmarkt Gadebusch (WS + S + Ballons)<\/li>\n\n\n\n<li>22.11. &#8211; 30.12.&nbsp; Weihnachtsmarkt Bebelplatz, Berlin<\/li>\n<\/ul>\n\n\n\n<p>Stand: Juni 2024<\/p>\n\n\n\n<p><strong>Y<\/strong>: Yoga, <strong>WS<\/strong>: Zirkus-Workshops f\u00fcr Kinder und Jugendliche, <strong>S<\/strong>: Show, <strong>M<\/strong>: Moderation beim Projekt Sinus\/B\u00fcro f\u00fcr Kommunikation, <strong>B<\/strong>: Ballontiere<\/p>\n","protected":false},"excerpt":{"rendered":"<p>Clownin Jonglage Yoga Zirkus-P\u00e4dagogik seit 2008&nbsp; und&nbsp;&nbsp;soziale Arbeit seit 2000 Auftrittsorte Buof-Festival Indien, Asian Juggling Convention,&nbsp;Stra\u00dfentheaterfestival \u201cBerlin lacht\u201c 2006 und 2008, Circo Xiclo (Argentinien), Bike Kitchen Wien, Marestreet London, Berlin Balkan Circus 2010, Oberbaumbr\u00fcckenfest Berlin, Sommer- und Weihnachtsfeste der Charlottenburger Wohnbaugesellschaft, j\u00e4hrlich der Weihnachtsmarkt auf dem Berliner Winterfeldplatz, Coco Mango Nicaragua, Capurgana Beach Kolumbien, M\u00fcnzfest [&hellip;]<\/p>\n","protected":false},"author":1,"featured_media":0,"parent":0,"menu_order":0,"comment_status":"open","ping_status":"open","template":"","meta":{"footnotes":""},"class_list":["post-17","page","type-page","status-publish","hentry"],"_links":{"self":[{"href":"https:\/\/clownettebabette.de\/wordpress\/index.php\/wp-json\/wp\/v2\/pages\/17","targetHints":{"allow":["GET"]}}],"collection":[{"href":"https:\/\/clownettebabette.de\/wordpress\/index.php\/wp-json\/wp\/v2\/pages"}],"about":[{"href":"https:\/\/clownettebabette.de\/wordpress\/index.php\/wp-json\/wp\/v2\/types\/page"}],"author":[{"embeddable":true,"href":"https:\/\/clownettebabette.de\/wordpress\/index.php\/wp-json\/wp\/v2\/users\/1"}],"replies":[{"embeddable":true,"href":"https:\/\/clownettebabette.de\/wordpress\/index.php\/wp-json\/wp\/v2\/comments?post=17"}],"version-history":[{"count":5,"href":"https:\/\/clownettebabette.de\/wordpress\/index.php\/wp-json\/wp\/v2\/pages\/17\/revisions"}],"predecessor-version":[{"id":1007,"href":"https:\/\/clownettebabette.de\/wordpress\/index.php\/wp-json\/wp\/v2\/pages\/17\/revisions\/1007"}],"wp:attachment":[{"href":"https:\/\/clownettebabette.de\/wordpress\/index.php\/wp-json\/wp\/v2\/media?parent=17"}],"curies":[{"name":"wp","href":"https:\/\/api.w.org\/{rel}","templated":true}]}}